{"id":695,"date":"2024-05-18T18:43:41","date_gmt":"2024-05-18T16:43:41","guid":{"rendered":"https:\/\/assoagath.fr\/wordpress\/?page_id=695"},"modified":"2024-05-25T12:44:23","modified_gmt":"2024-05-25T10:44:23","slug":"programme-bougey-en-train","status":"publish","type":"page","link":"https:\/\/assoagath.fr\/index.php\/programme-bougey-en-train\/","title":{"rendered":"Programme Bougey en train"},"content":{"rendered":"\t\t<div data-elementor-type=\"wp-page\" data-elementor-id=\"695\" class=\"elementor elementor-695\">\n\t\t\t\t<div class=\"elementor-element elementor-element-eedb555 e-flex e-con-boxed e-con e-parent\" data-id=\"eedb555\" data-element_type=\"container\">\n\t\t\t\t\t<div class=\"e-con-inner\">\n\t\t\t\t<div class=\"elementor-element elementor-element-5d47a3f elementor-widget elementor-widget-heading\" data-id=\"5d47a3f\" data-element_type=\"widget\" data-widget_type=\"heading.default\">\n\t\t\t\t<div class=\"elementor-widget-container\">\n\t\t\t<style>\/*! elementor - v3.21.0 - 26-05-2024 *\/\n.elementor-heading-title{padding:0;margin:0;line-height:1}.elementor-widget-heading .elementor-heading-title[class*=elementor-size-]>a{color:inherit;font-size:inherit;line-height:inherit}.elementor-widget-heading .elementor-heading-title.elementor-size-small{font-size:15px}.elementor-widget-heading .elementor-heading-title.elementor-size-medium{font-size:19px}.elementor-widget-heading .elementor-heading-title.elementor-size-large{font-size:29px}.elementor-widget-heading .elementor-heading-title.elementor-size-xl{font-size:39px}.elementor-widget-heading .elementor-heading-title.elementor-size-xxl{font-size:59px}<\/style><h2 class=\"elementor-heading-title elementor-size-default\">Samedi 16 septembre 2023 \u00e0 Tenay<\/h2>\t\t<\/div>\n\t\t\t\t<\/div>\n\t\t<div class=\"elementor-element elementor-element-edc8c8b e-flex e-con-boxed e-con e-child\" data-id=\"edc8c8b\" data-element_type=\"container\">\n\t\t\t\t\t<div class=\"e-con-inner\">\n\t\t\t\t<div class=\"elementor-element elementor-element-f8ba969 elementor-widget elementor-widget-text-editor\" data-id=\"f8ba969\" data-element_type=\"widget\" data-widget_type=\"text-editor.default\">\n\t\t\t\t<div class=\"elementor-widget-container\">\n\t\t\t<style>\/*! elementor - v3.21.0 - 26-05-2024 *\/\n.elementor-widget-text-editor.elementor-drop-cap-view-stacked .elementor-drop-cap{background-color:#69727d;color:#fff}.elementor-widget-text-editor.elementor-drop-cap-view-framed .elementor-drop-cap{color:#69727d;border:3px solid;background-color:transparent}.elementor-widget-text-editor:not(.elementor-drop-cap-view-default) .elementor-drop-cap{margin-top:8px}.elementor-widget-text-editor:not(.elementor-drop-cap-view-default) .elementor-drop-cap-letter{width:1em;height:1em}.elementor-widget-text-editor .elementor-drop-cap{float:left;text-align:center;line-height:1;font-size:50px}.elementor-widget-text-editor .elementor-drop-cap-letter{display:inline-block}<\/style>\t\t\t\t<p style=\"text-align: center;\">AGaTH, l&rsquo;association de d\u00e9fense des gares de Tenay &#8211; Hauteville et Virieu-le-Grand \u2013 Belley, est heureuse de vous pr\u00e9senter la 1<sup>\u00e8re<\/sup>\u00a0\u00e9dition de\u00a0:<\/p>\t\t\t\t\t\t<\/div>\n\t\t\t\t<\/div>\n\t\t\t\t\t<\/div>\n\t\t\t\t<\/div>\n\t\t\t\t<div class=\"elementor-element elementor-element-623ceee elementor-widget elementor-widget-image\" data-id=\"623ceee\" data-element_type=\"widget\" data-widget_type=\"image.default\">\n\t\t\t\t<div class=\"elementor-widget-container\">\n\t\t\t<style>\/*! elementor - v3.21.0 - 26-05-2024 *\/\n.elementor-widget-image{text-align:center}.elementor-widget-image a{display:inline-block}.elementor-widget-image a img[src$=\".svg\"]{width:48px}.elementor-widget-image img{vertical-align:middle;display:inline-block}<\/style>\t\t\t\t\t\t\t\t\t\t<img fetchpriority=\"high\" decoding=\"async\" width=\"768\" height=\"139\" src=\"https:\/\/assoagath.fr\/wp-content\/uploads\/2024\/05\/bougey_ensemble-768x139.png\" class=\"attachment-medium_large size-medium_large wp-image-697\" alt=\"\" srcset=\"https:\/\/assoagath.fr\/wp-content\/uploads\/2024\/05\/bougey_ensemble-768x139.png 768w, https:\/\/assoagath.fr\/wp-content\/uploads\/2024\/05\/bougey_ensemble-300x54.png 300w, https:\/\/assoagath.fr\/wp-content\/uploads\/2024\/05\/bougey_ensemble.png 975w\" sizes=\"(max-width: 768px) 100vw, 768px\" \/>\t\t\t\t\t\t\t\t\t\t\t\t\t<\/div>\n\t\t\t\t<\/div>\n\t\t\t\t<div class=\"elementor-element elementor-element-9ccf96f elementor-widget elementor-widget-text-editor\" data-id=\"9ccf96f\" data-element_type=\"widget\" data-widget_type=\"text-editor.default\">\n\t\t\t\t<div class=\"elementor-widget-container\">\n\t\t\t\t\t\t\t<p style=\"text-align: center;\">un \u00e9v\u00e8nement convivial autour de la notion de mobilit\u00e9 durable*<\/p><div class=\"title\" style=\"text-align: center;\">A l\u2019honneur cette ann\u00e9e : la ligne du train fant\u00f4me<\/div><p class=\"text-justify\" style=\"text-align: center;\">Cette ligne construite entre Hauteville et Tenay est ainsi nomm\u00e9e car aucun tramway n\u2019y a jamais circul\u00e9. Nous vous parlons \u00ab\u00a0d&rsquo;un temps que les moins de 20 ans ne peuvent pas connaitre\u00a0\u00bb, celle o\u00f9 des tramways sillonnaient toute la campagne bugiste. Au milieu du 20<sup>\u00e8me<\/sup>\u00a0si\u00e8cle, villes et campagnes ont \u00e9t\u00e9 d\u00e9shabill\u00e9es de leurs tramways\u00a0: ils sont revenus dans les villes, pas dans les campagnes\u2026<\/p><div class=\"title\" style=\"text-align: center;\">Une randonn\u00e9e facile accessible au plus grand nombre<\/div><p class=\"text-justify\" style=\"text-align: center;\">Inscription non obligatoire mais conseill\u00e9e via le formulaire ci-apr\u00e8s :\u00a0<a href=\"https:\/\/framaforms.org\/train-fantome-1686804585\">https:\/\/framaforms.org\/train-fantome-1686804585<\/a>\u00a0ou par SMS au 06 76 01 17 48.<\/p><p class=\"text-justify\" style=\"text-align: center;\">Randonn\u00e9e gratuite. D\u00e9part sur la place de la Mairie de Tenay \u00e0 partir de 13h,\u00a0<b>dernier d\u00e9part 14h<\/b>. Balade libre sur un parcours balis\u00e9 pour l\u2019\u00e9v\u00e8nement. Arriv\u00e9e \u00e0 Chaley et retour sur Tenay en navettes organis\u00e9es\u00a0:\u00a0<b>derni\u00e8re navette \u00e0 18h<\/b>.<br \/>Les animaux sont autoris\u00e9s mais pas dans les tunnels.<\/p>\t\t\t\t\t\t<\/div>\n\t\t\t\t<\/div>\n\t\t\t\t<div class=\"elementor-element elementor-element-f723679 elementor-widget elementor-widget-image\" data-id=\"f723679\" data-element_type=\"widget\" data-widget_type=\"image.default\">\n\t\t\t\t<div class=\"elementor-widget-container\">\n\t\t\t\t\t\t\t\t\t\t<figure class=\"wp-caption\">\n\t\t\t\t\t\t\t\t\t\t\t<a href=\"http:\/\/assoagath.fr\/wp-content\/uploads\/2024\/05\/parcours_fete_mobilite.gif\" data-elementor-open-lightbox=\"yes\" data-elementor-lightbox-title=\"parcours_fete_mobilite\" data-e-action-hash=\"#elementor-action%3Aaction%3Dlightbox%26settings%3DeyJpZCI6Njk4LCJ1cmwiOiJodHRwczpcL1wvYXNzb2FnYXRoLmZyXC93cC1jb250ZW50XC91cGxvYWRzXC8yMDI0XC8wNVwvcGFyY291cnNfZmV0ZV9tb2JpbGl0ZS5naWYifQ%3D%3D\">\n\t\t\t\t\t\t\t<img decoding=\"async\" width=\"551\" height=\"619\" src=\"https:\/\/assoagath.fr\/wp-content\/uploads\/2024\/05\/parcours_fete_mobilite.gif\" class=\"attachment-large size-large wp-image-698\" alt=\"\" \/>\t\t\t\t\t\t\t\t<\/a>\n\t\t\t\t\t\t\t\t\t\t\t<figcaption class=\"widget-image-caption wp-caption-text\">Le trac\u00e9 de la ballade en vert<\/figcaption>\n\t\t\t\t\t\t\t\t\t\t<\/figure>\n\t\t\t\t\t\t\t<\/div>\n\t\t\t\t<\/div>\n\t\t\t\t<div class=\"elementor-element elementor-element-76b7797 elementor-widget elementor-widget-text-editor\" data-id=\"76b7797\" data-element_type=\"widget\" data-widget_type=\"text-editor.default\">\n\t\t\t\t<div class=\"elementor-widget-container\">\n\t\t\t\t\t\t\t<p style=\"text-align: left;\"><b>Le parcours<\/b>\u00a0: distance totale de 5 km, d\u00e9nivel\u00e9 positif de 220 m, d\u00e9nivel\u00e9 n\u00e9gatif de 120 m. Les animaux sont<br \/><b>Equipement<\/b>\u00a0: chaussures de randonn\u00e9e ou une bonne paire de baskets (\u00e9viter les semelles lisses), une gourde, une veste pour les tunnels, une lampe de poche ou une frontale pour le tunnel de la source, et pour les plus pessimistes, un v\u00eatement de pluie\u2026<\/p>\t\t\t\t\t\t<\/div>\n\t\t\t\t<\/div>\n\t\t\t\t<div class=\"elementor-element elementor-element-b8361b0 elementor-widget elementor-widget-heading\" data-id=\"b8361b0\" data-element_type=\"widget\" data-widget_type=\"heading.default\">\n\t\t\t\t<div class=\"elementor-widget-container\">\n\t\t\t<h2 class=\"elementor-heading-title elementor-size-default\">Visite des tunnels<\/h2>\t\t<\/div>\n\t\t\t\t<\/div>\n\t\t<div class=\"elementor-element elementor-element-2e6efdc e-con-full e-flex e-con e-child\" data-id=\"2e6efdc\" data-element_type=\"container\">\n\t\t<div class=\"elementor-element elementor-element-8896ea5 e-con-full e-flex e-con e-child\" data-id=\"8896ea5\" data-element_type=\"container\">\n\t\t\t\t<div class=\"elementor-element elementor-element-8b28743 elementor-widget elementor-widget-text-editor\" data-id=\"8b28743\" data-element_type=\"widget\" data-widget_type=\"text-editor.default\">\n\t\t\t\t<div class=\"elementor-widget-container\">\n\t\t\t\t\t\t\t<p><b>De 13 \u00e0 15h\u00a0:<\/b>\u00a0visite du tunnel des champignons<br \/><b>De 14 \u00e0 16h\u00a0:<\/b>\u00a0visite du tunnel de la source<\/p>\t\t\t\t\t\t<\/div>\n\t\t\t\t<\/div>\n\t\t\t\t<\/div>\n\t\t\t\t<\/div>\n\t\t\t\t<div class=\"elementor-element elementor-element-09ec496 elementor-widget elementor-widget-text-editor\" data-id=\"09ec496\" data-element_type=\"widget\" data-widget_type=\"text-editor.default\">\n\t\t\t\t<div class=\"elementor-widget-container\">\n\t\t\t\t\t\t\t<p>A l\u2019origine, la ligne comptait 18 tunnels d\u2019une longueur cumul\u00e9e de 2,7 km. Exceptionnellement, vous pourrez visiter deux de ces tunnels\u00a0:\u00a0<b>le tunnel des champignons<\/b>\u00a0o\u00f9 sont aujourd\u2019hui cultiv\u00e9s des Pleurotes et des Shitak\u00e9s\u00a0<a href=\"https:\/\/www.bugeycotefermes.fr\/producteurs-associes\/champignons-cascade\/#exploitation\">(https:\/\/www.bugeycotefermes.fr\/producteurs-associes\/champignons-cascade\/#exploitation)<\/a>\u00a0et le\u00a0<b>tunnel de la source<\/b>\u00a0dont les eaux alimentent les habitants de la commune de Tenay.<\/p>\t\t\t\t\t\t<\/div>\n\t\t\t\t<\/div>\n\t\t\t\t<div class=\"elementor-element elementor-element-2d34e1d elementor-widget elementor-widget-image\" data-id=\"2d34e1d\" data-element_type=\"widget\" data-widget_type=\"image.default\">\n\t\t\t\t<div class=\"elementor-widget-container\">\n\t\t\t\t\t\t\t\t\t\t<figure class=\"wp-caption\">\n\t\t\t\t\t\t\t\t\t\t\t<a href=\"http:\/\/assoagath.fr\/wp-content\/uploads\/2024\/05\/tunnel_source_tenay.jpg\" data-elementor-open-lightbox=\"yes\" data-elementor-lightbox-title=\"tunnel_source_tenay\" data-e-action-hash=\"#elementor-action%3Aaction%3Dlightbox%26settings%3DeyJpZCI6NzAyLCJ1cmwiOiJodHRwczpcL1wvYXNzb2FnYXRoLmZyXC93cC1jb250ZW50XC91cGxvYWRzXC8yMDI0XC8wNVwvdHVubmVsX3NvdXJjZV90ZW5heS5qcGcifQ%3D%3D\">\n\t\t\t\t\t\t\t<img decoding=\"async\" width=\"300\" height=\"304\" src=\"https:\/\/assoagath.fr\/wp-content\/uploads\/2024\/05\/tunnel_source_tenay.jpg\" class=\"attachment-large size-large wp-image-702\" alt=\"\" srcset=\"https:\/\/assoagath.fr\/wp-content\/uploads\/2024\/05\/tunnel_source_tenay.jpg 300w, https:\/\/assoagath.fr\/wp-content\/uploads\/2024\/05\/tunnel_source_tenay-296x300.jpg 296w\" sizes=\"(max-width: 300px) 100vw, 300px\" \/>\t\t\t\t\t\t\t\t<\/a>\n\t\t\t\t\t\t\t\t\t\t\t<figcaption class=\"widget-image-caption wp-caption-text\">Tunnel de la source \u00e0 Tenay<\/figcaption>\n\t\t\t\t\t\t\t\t\t\t<\/figure>\n\t\t\t\t\t\t\t<\/div>\n\t\t\t\t<\/div>\n\t\t\t\t<div class=\"elementor-element elementor-element-6725279 elementor-widget elementor-widget-heading\" data-id=\"6725279\" data-element_type=\"widget\" data-widget_type=\"heading.default\">\n\t\t\t\t<div class=\"elementor-widget-container\">\n\t\t\t<h2 class=\"elementor-heading-title elementor-size-default\">Histoire de la ligne fant\u00f4me<\/h2>\t\t<\/div>\n\t\t\t\t<\/div>\n\t\t\t\t<div class=\"elementor-element elementor-element-2a071a0 elementor-widget elementor-widget-text-editor\" data-id=\"2a071a0\" data-element_type=\"widget\" data-widget_type=\"text-editor.default\">\n\t\t\t\t<div class=\"elementor-widget-container\">\n\t\t\t\t\t\t\t<p>A votre arriv\u00e9e \u00e0 Chaley, autour du pot du randonneur, nous vous conterons, photos et film \u00e0 l\u2019appui, une \u00e9pop\u00e9e fantastique, celle de la construction de la ligne du train fant\u00f4me. Pour en savoir plus\u2026<\/p>\t\t\t\t\t\t<\/div>\n\t\t\t\t<\/div>\n\t\t<div class=\"elementor-element elementor-element-61ae125 e-flex e-con-boxed e-con e-child\" data-id=\"61ae125\" data-element_type=\"container\">\n\t\t\t\t\t<div class=\"e-con-inner\">\n\t\t\t\t<div class=\"elementor-element elementor-element-c732d51 elementor-widget elementor-widget-image\" data-id=\"c732d51\" data-element_type=\"widget\" data-widget_type=\"image.default\">\n\t\t\t\t<div class=\"elementor-widget-container\">\n\t\t\t\t\t\t\t\t\t\t\t\t\t\t<a href=\"http:\/\/assoagath.fr\/wp-content\/uploads\/2024\/05\/image_tramways_ain.jpg\" data-elementor-open-lightbox=\"yes\" data-elementor-lightbox-title=\"image_tramways_ain\" data-e-action-hash=\"#elementor-action%3Aaction%3Dlightbox%26settings%3DeyJpZCI6NzAzLCJ1cmwiOiJodHRwczpcL1wvYXNzb2FnYXRoLmZyXC93cC1jb250ZW50XC91cGxvYWRzXC8yMDI0XC8wNVwvaW1hZ2VfdHJhbXdheXNfYWluLmpwZyJ9\">\n\t\t\t\t\t\t\t<img loading=\"lazy\" decoding=\"async\" width=\"212\" height=\"300\" src=\"https:\/\/assoagath.fr\/wp-content\/uploads\/2024\/05\/image_tramways_ain-212x300.jpg\" class=\"attachment-medium size-medium wp-image-703\" alt=\"\" srcset=\"https:\/\/assoagath.fr\/wp-content\/uploads\/2024\/05\/image_tramways_ain-212x300.jpg 212w, https:\/\/assoagath.fr\/wp-content\/uploads\/2024\/05\/image_tramways_ain.jpg 413w\" sizes=\"(max-width: 212px) 100vw, 212px\" \/>\t\t\t\t\t\t\t\t<\/a>\n\t\t\t\t\t\t\t\t\t\t\t\t\t<\/div>\n\t\t\t\t<\/div>\n\t\t\t\t<div class=\"elementor-element elementor-element-f0fb525 elementor-widget elementor-widget-image\" data-id=\"f0fb525\" data-element_type=\"widget\" data-widget_type=\"image.default\">\n\t\t\t\t<div class=\"elementor-widget-container\">\n\t\t\t\t\t\t\t\t\t\t\t\t\t\t<a href=\"http:\/\/assoagath.fr\/wp-content\/uploads\/2024\/05\/image_train_fantome.jpg\" data-elementor-open-lightbox=\"yes\" data-elementor-lightbox-title=\"image_train_fantome\" data-e-action-hash=\"#elementor-action%3Aaction%3Dlightbox%26settings%3DeyJpZCI6NzA0LCJ1cmwiOiJodHRwczpcL1wvYXNzb2FnYXRoLmZyXC93cC1jb250ZW50XC91cGxvYWRzXC8yMDI0XC8wNVwvaW1hZ2VfdHJhaW5fZmFudG9tZS5qcGcifQ%3D%3D\">\n\t\t\t\t\t\t\t<img loading=\"lazy\" decoding=\"async\" width=\"293\" height=\"333\" src=\"https:\/\/assoagath.fr\/wp-content\/uploads\/2024\/05\/image_train_fantome.jpg\" class=\"attachment-large size-large wp-image-704\" alt=\"\" srcset=\"https:\/\/assoagath.fr\/wp-content\/uploads\/2024\/05\/image_train_fantome.jpg 293w, https:\/\/assoagath.fr\/wp-content\/uploads\/2024\/05\/image_train_fantome-264x300.jpg 264w\" sizes=\"(max-width: 293px) 100vw, 293px\" \/>\t\t\t\t\t\t\t\t<\/a>\n\t\t\t\t\t\t\t\t\t\t\t\t\t<\/div>\n\t\t\t\t<\/div>\n\t\t\t\t\t<\/div>\n\t\t\t\t<\/div>\n\t\t\t\t<div class=\"elementor-element elementor-element-e273890 elementor-widget elementor-widget-heading\" data-id=\"e273890\" data-element_type=\"widget\" data-widget_type=\"heading.default\">\n\t\t\t\t<div class=\"elementor-widget-container\">\n\t\t\t<h2 class=\"elementor-heading-title elementor-size-default\">Concerts, buvette et food truck<\/h2>\t\t<\/div>\n\t\t\t\t<\/div>\n\t\t\t\t<div class=\"elementor-element elementor-element-7524007 elementor-widget elementor-widget-text-editor\" data-id=\"7524007\" data-element_type=\"widget\" data-widget_type=\"text-editor.default\">\n\t\t\t\t<div class=\"elementor-widget-container\">\n\t\t\t\t\t\t\t<p style=\"text-align: center;\">A partir de 19h sur la place de la Mairie de Tenay<\/p>\t\t\t\t\t\t<\/div>\n\t\t\t\t<\/div>\n\t\t\t\t<div class=\"elementor-element elementor-element-7fd443d elementor-widget elementor-widget-heading\" data-id=\"7fd443d\" data-element_type=\"widget\" data-widget_type=\"heading.default\">\n\t\t\t\t<div class=\"elementor-widget-container\">\n\t\t\t<h2 class=\"elementor-heading-title elementor-size-default\">Concerts gratuits<\/h2>\t\t<\/div>\n\t\t\t\t<\/div>\n\t\t<div class=\"elementor-element elementor-element-65a2844 e-con-full e-flex e-con e-child\" data-id=\"65a2844\" data-element_type=\"container\">\n\t\t<div class=\"elementor-element elementor-element-b8e192d e-con-full e-flex e-con e-child\" data-id=\"b8e192d\" data-element_type=\"container\">\n\t\t\t\t<div class=\"elementor-element elementor-element-0bffa31 elementor-widget__width-initial elementor-widget elementor-widget-image\" data-id=\"0bffa31\" data-element_type=\"widget\" data-widget_type=\"image.default\">\n\t\t\t\t<div class=\"elementor-widget-container\">\n\t\t\t\t\t\t\t\t\t\t<figure class=\"wp-caption\">\n\t\t\t\t\t\t\t\t\t\t\t<a href=\"https:\/\/www.facebook.com\/saxonthebeachmusic\/\">\n\t\t\t\t\t\t\t<img loading=\"lazy\" decoding=\"async\" width=\"300\" height=\"300\" src=\"https:\/\/assoagath.fr\/wp-content\/uploads\/2024\/05\/goupe_sax_on_the_beach-300x300.jpg\" class=\"attachment-medium size-medium wp-image-709\" alt=\"\" srcset=\"https:\/\/assoagath.fr\/wp-content\/uploads\/2024\/05\/goupe_sax_on_the_beach-300x300.jpg 300w, https:\/\/assoagath.fr\/wp-content\/uploads\/2024\/05\/goupe_sax_on_the_beach-1020x1024.jpg 1020w, https:\/\/assoagath.fr\/wp-content\/uploads\/2024\/05\/goupe_sax_on_the_beach-150x150.jpg 150w, https:\/\/assoagath.fr\/wp-content\/uploads\/2024\/05\/goupe_sax_on_the_beach-768x771.jpg 768w, https:\/\/assoagath.fr\/wp-content\/uploads\/2024\/05\/goupe_sax_on_the_beach-600x600.jpg 600w, https:\/\/assoagath.fr\/wp-content\/uploads\/2024\/05\/goupe_sax_on_the_beach.jpg 1080w\" sizes=\"(max-width: 300px) 100vw, 300px\" \/>\t\t\t\t\t\t\t\t<\/a>\n\t\t\t\t\t\t\t\t\t\t\t<figcaption class=\"widget-image-caption wp-caption-text\">Plus d\u2019infos : https:\/\/www.facebook.com\/saxonthebeachmusic\/<\/figcaption>\n\t\t\t\t\t\t\t\t\t\t<\/figure>\n\t\t\t\t\t\t\t<\/div>\n\t\t\t\t<\/div>\n\t\t\t\t<div class=\"elementor-element elementor-element-200137b elementor-widget__width-initial elementor-widget elementor-widget-text-editor\" data-id=\"200137b\" data-element_type=\"widget\" data-widget_type=\"text-editor.default\">\n\t\t\t\t<div class=\"elementor-widget-container\">\n\t\t\t\t\t\t\t<p><span style=\"color: #1c5599;\"><b>1<sup>\u00e8re<\/sup>\u00a0partie : SAX ON THE BEACH<\/b><\/span>\u00a0&#8211; Ambiance \u201cSax Lounge Electro\u201d<\/p>\t\t\t\t\t\t<\/div>\n\t\t\t\t<\/div>\n\t\t\t\t<\/div>\n\t\t<div class=\"elementor-element elementor-element-a00c2bb e-flex e-con-boxed e-con e-child\" data-id=\"a00c2bb\" data-element_type=\"container\">\n\t\t\t\t\t<div class=\"e-con-inner\">\n\t\t\t\t<div class=\"elementor-element elementor-element-eee7520 elementor-widget__width-initial elementor-widget elementor-widget-text-editor\" data-id=\"eee7520\" data-element_type=\"widget\" data-widget_type=\"text-editor.default\">\n\t\t\t\t<div class=\"elementor-widget-container\">\n\t\t\t\t\t\t\t<p><b><span style=\"color: #1c5977;\">2<sup>\u00e8me<\/sup>\u00a0partie : IF IN\u00c8S &amp; FRANCK<\/span>\u00a0<\/b>&#8211; Une alchimie qui cr\u00e8ve les yeux, un duo \u00e9lectro acoustique qui m\u00eale compositions originales et reprises pour le plaisir de toutes et tous.<\/p>\t\t\t\t\t\t<\/div>\n\t\t\t\t<\/div>\n\t\t\t\t<div class=\"elementor-element elementor-element-d6201a7 elementor-widget__width-initial elementor-widget elementor-widget-image\" data-id=\"d6201a7\" data-element_type=\"widget\" data-widget_type=\"image.default\">\n\t\t\t\t<div class=\"elementor-widget-container\">\n\t\t\t\t\t\t\t\t\t\t<figure class=\"wp-caption\">\n\t\t\t\t\t\t\t\t\t\t\t<a href=\"http:\/\/www.inesetfranck.com\">\n\t\t\t\t\t\t\t<img loading=\"lazy\" decoding=\"async\" width=\"300\" height=\"237\" src=\"https:\/\/assoagath.fr\/wp-content\/uploads\/2024\/05\/groupe_if-300x237.jpg\" class=\"attachment-medium size-medium wp-image-710\" alt=\"\" srcset=\"https:\/\/assoagath.fr\/wp-content\/uploads\/2024\/05\/groupe_if-300x237.jpg 300w, https:\/\/assoagath.fr\/wp-content\/uploads\/2024\/05\/groupe_if.jpg 601w\" sizes=\"(max-width: 300px) 100vw, 300px\" \/>\t\t\t\t\t\t\t\t<\/a>\n\t\t\t\t\t\t\t\t\t\t\t<figcaption class=\"widget-image-caption wp-caption-text\">Plus d\u2019infos : http:\/\/www.inesetfranck.com\/ et www.facebook.com\/InesetFranck<\/figcaption>\n\t\t\t\t\t\t\t\t\t\t<\/figure>\n\t\t\t\t\t\t\t<\/div>\n\t\t\t\t<\/div>\n\t\t\t\t\t<\/div>\n\t\t\t\t<\/div>\n\t\t\t\t<\/div>\n\t\t\t\t<div class=\"elementor-element elementor-element-a45e920 elementor-widget elementor-widget-text-editor\" data-id=\"a45e920\" data-element_type=\"widget\" data-widget_type=\"text-editor.default\">\n\t\t\t\t<div class=\"elementor-widget-container\">\n\t\t\t\t\t\t\t<p style=\"text-align: center;\"><span style=\"color: #1c5977;\"><strong>Pour tout renseignement compl\u00e9mentaire concernant cet \u00e9v\u00e8nement<\/strong><\/span> :\u00a0<a href=\"mailto:contact@assoagath.fr\">contact@assoagath.fr<\/a><\/p>\t\t\t\t\t\t<\/div>\n\t\t\t\t<\/div>\n\t\t\t\t<div class=\"elementor-element elementor-element-2f64c58 elementor-widget elementor-widget-text-editor\" data-id=\"2f64c58\" data-element_type=\"widget\" data-widget_type=\"text-editor.default\">\n\t\t\t\t<div class=\"elementor-widget-container\">\n\t\t\t\t\t\t\t<p>* \u00e0 l\u2019occasion de la Semaine Europ\u00e9enne de la Mobilit\u00e9\u00a0<a href=\"https:\/\/mobilityweek.eu\/home\/\">(https:\/\/mobilityweek.eu\/home\/)<\/a><\/p>\t\t\t\t\t\t<\/div>\n\t\t\t\t<\/div>\n\t\t\t\t\t<\/div>\n\t\t\t\t<\/div>\n\t\t\t\t<\/div>\n\t\t","protected":false},"excerpt":{"rendered":"<p>Samedi 16 septembre 2023 \u00e0 Tenay AGaTH, l&rsquo;association de d\u00e9fense des gares de Tenay &#8211; Hauteville et Virieu-le-Grand \u2013 Belley, est heureuse de vous pr\u00e9senter la 1\u00e8re\u00a0\u00e9dition de\u00a0: un \u00e9v\u00e8nement convivial autour de la notion de mobilit\u00e9 durable* A l\u2019honneur cette ann\u00e9e : la ligne du train fant\u00f4me Cette ligne construite entre Hauteville et Tenay [&hellip;]<\/p>\n","protected":false},"author":1,"featured_media":0,"parent":0,"menu_order":0,"comment_status":"closed","ping_status":"closed","template":"","meta":{"ocean_post_layout":"","ocean_both_sidebars_style":"","ocean_both_sidebars_content_width":0,"ocean_both_sidebars_sidebars_width":0,"ocean_sidebar":"","ocean_second_sidebar":"","ocean_disable_margins":"enable","ocean_add_body_class":"","ocean_shortcode_before_top_bar":"","ocean_shortcode_after_top_bar":"","ocean_shortcode_before_header":"","ocean_shortcode_after_header":"","ocean_has_shortcode":"","ocean_shortcode_after_title":"","ocean_shortcode_before_footer_widgets":"","ocean_shortcode_after_footer_widgets":"","ocean_shortcode_before_footer_bottom":"","ocean_shortcode_after_footer_bottom":"","ocean_display_top_bar":"default","ocean_display_header":"default","ocean_header_style":"","ocean_center_header_left_menu":"","ocean_custom_header_template":"","ocean_custom_logo":0,"ocean_custom_retina_logo":0,"ocean_custom_logo_max_width":0,"ocean_custom_logo_tablet_max_width":0,"ocean_custom_logo_mobile_max_width":0,"ocean_custom_logo_max_height":0,"ocean_custom_logo_tablet_max_height":0,"ocean_custom_logo_mobile_max_height":0,"ocean_header_custom_menu":"","ocean_menu_typo_font_family":"","ocean_menu_typo_font_subset":"","ocean_menu_typo_font_size":0,"ocean_menu_typo_font_size_tablet":0,"ocean_menu_typo_font_size_mobile":0,"ocean_menu_typo_font_size_unit":"px","ocean_menu_typo_font_weight":"","ocean_menu_typo_font_weight_tablet":"","ocean_menu_typo_font_weight_mobile":"","ocean_menu_typo_transform":"","ocean_menu_typo_transform_tablet":"","ocean_menu_typo_transform_mobile":"","ocean_menu_typo_line_height":0,"ocean_menu_typo_line_height_tablet":0,"ocean_menu_typo_line_height_mobile":0,"ocean_menu_typo_line_height_unit":"","ocean_menu_typo_spacing":0,"ocean_menu_typo_spacing_tablet":0,"ocean_menu_typo_spacing_mobile":0,"ocean_menu_typo_spacing_unit":"","ocean_menu_link_color":"","ocean_menu_link_color_hover":"","ocean_menu_link_color_active":"","ocean_menu_link_background":"","ocean_menu_link_hover_background":"","ocean_menu_link_active_background":"","ocean_menu_social_links_bg":"","ocean_menu_social_hover_links_bg":"","ocean_menu_social_links_color":"","ocean_menu_social_hover_links_color":"","ocean_disable_title":"default","ocean_disable_heading":"default","ocean_post_title":"","ocean_post_subheading":"","ocean_post_title_style":"","ocean_post_title_background_color":"","ocean_post_title_background":0,"ocean_post_title_bg_image_position":"","ocean_post_title_bg_image_attachment":"","ocean_post_title_bg_image_repeat":"","ocean_post_title_bg_image_size":"","ocean_post_title_height":0,"ocean_post_title_bg_overlay":0.5,"ocean_post_title_bg_overlay_color":"","ocean_disable_breadcrumbs":"default","ocean_breadcrumbs_color":"","ocean_breadcrumbs_separator_color":"","ocean_breadcrumbs_links_color":"","ocean_breadcrumbs_links_hover_color":"","ocean_display_footer_widgets":"default","ocean_display_footer_bottom":"default","ocean_custom_footer_template":"","footnotes":""},"class_list":["post-695","page","type-page","status-publish","hentry","entry"],"_links":{"self":[{"href":"https:\/\/assoagath.fr\/index.php\/wp-json\/wp\/v2\/pages\/695","targetHints":{"allow":["GET"]}}],"collection":[{"href":"https:\/\/assoagath.fr\/index.php\/wp-json\/wp\/v2\/pages"}],"about":[{"href":"https:\/\/assoagath.fr\/index.php\/wp-json\/wp\/v2\/types\/page"}],"author":[{"embeddable":true,"href":"https:\/\/assoagath.fr\/index.php\/wp-json\/wp\/v2\/users\/1"}],"replies":[{"embeddable":true,"href":"https:\/\/assoagath.fr\/index.php\/wp-json\/wp\/v2\/comments?post=695"}],"version-history":[{"count":19,"href":"https:\/\/assoagath.fr\/index.php\/wp-json\/wp\/v2\/pages\/695\/revisions"}],"predecessor-version":[{"id":1075,"href":"https:\/\/assoagath.fr\/index.php\/wp-json\/wp\/v2\/pages\/695\/revisions\/1075"}],"wp:attachment":[{"href":"https:\/\/assoagath.fr\/index.php\/wp-json\/wp\/v2\/media?parent=695"}],"curies":[{"name":"wp","href":"https:\/\/api.w.org\/{rel}","templated":true}]}}